{"id":363,"date":"2013-07-05T21:00:56","date_gmt":"2013-07-05T21:00:56","guid":{"rendered":"http:\/\/parafiabesko.pl\/?page_id=363"},"modified":"2013-07-05T21:00:56","modified_gmt":"2013-07-05T21:00:56","slug":"malzenstwo","status":"publish","type":"page","link":"https:\/\/parafiabesko.pl\/?page_id=363","title":{"rendered":"Ma\u0142\u017ce\u0144stwo"},"content":{"rendered":"<p style=\"text-align: center;\">\n\t<a href=\"https:\/\/parafiabesko.pl\/malzenstwo\/slub2\/\" rel=\"attachment wp-att-712\"><img loading=\"lazy\" decoding=\"async\" alt=\"slub2\" class=\"alignnone size-full wp-image-712\" height=\"341\" src=\"https:\/\/parafiabesko.pl\/wp-content\/uploads\/2013\/07\/slub2.jpg\" width=\"455\" \/><\/a>\n<\/p>\n<p>\n\t&nbsp;\n<\/p>\n<p data-mce-style=\"text-align: justify;\" style=\"text-align: justify;\">\n\t<span data-mce-style=\"font-size: 10pt;\" style=\"font-size: 10pt;\"><strong>Dekanalna Poradnia \u017bycia Rodzinnego jest czynna w I poniedzia\u0142ek miesi\u0105ca o godz. 17.00 w salce katechetycznej.<\/strong><\/span>\n<\/p>\n<p data-mce-style=\"text-align: justify;\" style=\"text-align: justify;\">\n\t<span data-mce-style=\"font-size: small;\" style=\"font-size: small;\"><span data-mce-style=\"font-size: 12pt;\" style=\"font-size: 12pt;\"><strong><span data-mce-style=\"font-size: 10pt;\" style=\"font-size: 10pt;\">Zach\u0119camy m\u0142odzie\u017c aby roztropnie i odpowiedzialnie wybiera\u0142a t\u0119 drog\u0119 \u017cyciow\u0105.<\/span><\/strong><\/span><\/span>\n<\/p>\n<p data-mce-style=\"text-align: justify;\" style=\"text-align: justify;\">\n\t<span data-mce-style=\"font-size: small;\" style=\"font-size: small;\"><em>Co B&oacute;g z\u0142\u0105czy\u0142 cz\u0142owieka niech nie rozdziela &#8230; (Mt 19, 6).<\/em><\/span>\n<\/p>\n<p data-mce-style=\"text-align: justify;\" style=\"text-align: justify;\">\n\t<strong><span data-mce-style=\"font-size: small;\" style=\"font-size: small;\">Sakramentalne Ma\u0142\u017ce\u0144stwo jest miejscem i sposobem u\u015bwi\u0119cania si\u0119 i wzajemnego pomagania w drodze do Boga.<\/span><\/strong>\n<\/p>\n<p data-mce-style=\"text-align: justify;\" style=\"text-align: justify;\">\n\t<span data-mce-style=\"font-size: small;\" style=\"font-size: small;\">Narzeczeni, kt&oacute;rzy chc\u0105 zawrze\u0107 sakramentalny zwi\u0105zek ma\u0142\u017ce\u0144ski, s\u0105 proszeni o zg\u0142oszenie si\u0119 do kancelarii parafialnej na trzy miesi\u0105ce przed wybranym terminem \u015blubu i przynosz\u0105 ze sob\u0105:<\/span>\n<\/p>\n<ol data-mce-style=\"text-align: justify;\" style=\"text-align: justify;\">\n<li>\n\t\t<span data-mce-style=\"font-size: small;\" style=\"font-size: small;\">aktualn\u0105 metryk\u0119 chrztu (nie starsza ni\u017c 6 miesi\u0119cy);<\/span>\n\t<\/li>\n<li>\n\t\t<span data-mce-style=\"font-size: small;\" style=\"font-size: small;\">\u015bwiadectwo bierzmowania (je\u015bli nie ma adnotacji na metryce chrztu);<\/span>\n\t<\/li>\n<li>\n\t\t<span data-mce-style=\"font-size: small;\" style=\"font-size: small;\">\u015bwiadectwo uko\u0144czenia katechezy z ostatniej klasy (szko\u0142y podstawowej i \u015bredniej &ndash; do wgl\u0105du);;<\/span>\n\t<\/li>\n<li>\n\t\t<span data-mce-style=\"font-size: small;\" style=\"font-size: small;\">\u015bwiadectwo uko\u0144czenia nauk przedma\u0142\u017ce\u0144skich;<\/span>\n\t<\/li>\n<li>\n\t\t<span data-mce-style=\"font-size: small;\" style=\"font-size: small;\">za\u015bwiadczenie z Poradni \u017bycia Rodzinnego;<\/span>\n\t<\/li>\n<li>\n\t\t<span data-mce-style=\"font-size: small;\" style=\"font-size: small;\">dow&oacute;d osobisty;<\/span>\n\t<\/li>\n<li>\n\t\t<span data-mce-style=\"font-size: small;\" style=\"font-size: small;\">za\u015bwiadczenie z USC (w 3 egz) uprawniaj\u0105ce do tzw. \u015blubu konkordatowego lub odpis aktu wcze\u015bniej zawartego \u015blubu cywilnego;<\/span>\n\t<\/li>\n<li>\n\t\t<span data-mce-style=\"font-size: small;\" style=\"font-size: small;\">wdowcy &#8211; akt zgonu wsp&oacute;\u0142ma\u0142\u017conka z USC;<\/span>\n\t<\/li>\n<li>\n\t\t<span data-mce-style=\"font-size: small;\" style=\"font-size: small;\">je\u017celi oboje narzeczeni s\u0105 spoza naszej parafii przynosz\u0105 zgod\u0119 od jednego z proboszcz&oacute;w parafii (tzw. LICENCJA), do kt&oacute;rej nale\u017c\u0105 narzeczeni na spisanie protoko\u0142u i pob\u0142ogos\u0142awienia ma\u0142\u017ce\u0144stwa.<\/span>\n\t<\/li>\n<\/ol>\n<p data-mce-style=\"text-align: justify;\" style=\"text-align: justify;\">\n\t&nbsp;\n<\/p>\n<p data-mce-style=\"text-align: left;\" style=\"text-align: left;\">\n\tPrzygotowanie duchowe i poprawne do ma\u0142\u017ce\u0144stwa obejmuje:\n<\/p>\n<ol>\n<li data-mce-style=\"text-align: left;\" style=\"text-align: left;\">\n\t\t<span data-mce-style=\"font-size: small;\" style=\"font-size: small;\">dwukrotn\u0105 spowied\u017a &#8211; po zg\u0142oszeniu na zapowiedzi oraz w ostatnim tygodniu przed \u015blubem;<\/span>\n\t<\/li>\n<li data-mce-style=\"text-align: left;\" style=\"text-align: left;\">\n\t\t<span data-mce-style=\"font-size: small;\" style=\"font-size: small;\">uko\u0144czenie kursu przygotowuj\u0105cego do sakramentu ma\u0142\u017ce\u0144stwa;<\/span>\n\t<\/li>\n<li data-mce-style=\"text-align: left;\" style=\"text-align: left;\">\n\t\t<span data-mce-style=\"font-size: small;\" style=\"font-size: small;\">trzy <\/span>indywidualne spotkania w Poradni Rodzinnej.\n\t<\/li>\n<\/ol>\n<p data-mce-style=\"text-align: justify;\" style=\"text-align: justify;\">\n\t<span data-mce-style=\"font-size: small;\" style=\"font-size: small;\"><span data-mce-style=\"font-size: 12pt;\" style=\"font-size: 12pt;\"><strong>Dekanalna Poradnia \u017bycia Rodzinnego jest czynna w I poniedzia\u0142ek miesi\u0105ca o godz. 17.00 w salce katechetycznej<\/strong><\/span><\/span>\n<\/p>\n<p data-mce-style=\"text-align: justify;\" style=\"text-align: justify;\">\n\t&nbsp;\n<\/p>\n<p data-mce-style=\"text-align: justify;\" style=\"text-align: justify;\">\n\t<span data-mce-style=\"font-size: small;\" style=\"font-size: small;\"><span data-mce-style=\"text-decoration: underline;\" style=\"text-decoration: underline;\"><strong>Filmowanie i robienie zdj\u0119\u0107 podczas uroczysto\u015bci \u015blubnej podlega przepisom liturgicznym i musi by\u0107 wcze\u015bniej uzgodnione z duszpasterzem.<\/strong><\/span><\/span>\n<\/p>\n<ol>\n<\/ol>\n","protected":false},"excerpt":{"rendered":"<p>&nbsp; Dekanalna Poradnia \u017bycia Rodzinnego jest czynna w I poniedzia\u0142ek miesi\u0105ca o godz. 17.00 w salce katechetycznej. Zach\u0119camy m\u0142odzie\u017c aby roztropnie i odpowiedzialnie wybiera\u0142a t\u0119 drog\u0119 \u017cyciow\u0105. Co B&oacute;g z\u0142\u0105czy\u0142 cz\u0142owieka niech nie rozdziela &#8230; (Mt 19, 6). Sakramentalne Ma\u0142\u017ce\u0144stwo jest miejscem i sposobem u\u015bwi\u0119cania si\u0119 i wzajemnego pomagania w<span class=\"more-link\"><a href=\"https:\/\/parafiabesko.pl\/?page_id=363\">Czytaj wi\u0119cej<\/a><\/span><\/p>\n","protected":false},"author":1,"featured_media":0,"parent":0,"menu_order":0,"comment_status":"closed","ping_status":"open","template":"","meta":{"footnotes":""},"class_list":["entry","author-adminparafiibesko","post-363","page","type-page","status-publish"],"_links":{"self":[{"href":"https:\/\/parafiabesko.pl\/index.php?rest_route=\/wp\/v2\/pages\/363","targetHints":{"allow":["GET"]}}],"collection":[{"href":"https:\/\/parafiabesko.pl\/index.php?rest_route=\/wp\/v2\/pages"}],"about":[{"href":"https:\/\/parafiabesko.pl\/index.php?rest_route=\/wp\/v2\/types\/page"}],"author":[{"embeddable":true,"href":"https:\/\/parafiabesko.pl\/index.php?rest_route=\/wp\/v2\/users\/1"}],"replies":[{"embeddable":true,"href":"https:\/\/parafiabesko.pl\/index.php?rest_route=%2Fwp%2Fv2%2Fcomments&post=363"}],"version-history":[{"count":0,"href":"https:\/\/parafiabesko.pl\/index.php?rest_route=\/wp\/v2\/pages\/363\/revisions"}],"wp:attachment":[{"href":"https:\/\/parafiabesko.pl\/index.php?rest_route=%2Fwp%2Fv2%2Fmedia&parent=363"}],"curies":[{"name":"wp","href":"https:\/\/api.w.org\/{rel}","templated":true}]}}